{"version":"1.0","provider_name":"Suite","provider_url":"https:\/\/gerardmartinez-photographe.com\/suite","author_name":"G\u00e9rard","author_url":"https:\/\/gerardmartinez-photographe.com\/suite\/author\/mtzge6147-2-2-2-2-2\/","title":"G1-Printemps-2019 - G\u00e9rard Martinez","type":"rich","width":600,"height":338,"html":"<blockquote class=\"wp-embedded-content\" data-secret=\"ykkIil9gdB\"><a href=\"https:\/\/gerardmartinez-photographe.com\/suite\/printemps-2019\/\">G1-Printemps-2019<\/a><\/blockquote><iframe sandbox=\"allow-scripts\" security=\"restricted\" src=\"https:\/\/gerardmartinez-photographe.com\/suite\/printemps-2019\/embed\/#?secret=ykkIil9gdB\" width=\"600\" height=\"338\" title=\"\u00ab\u00a0G1-Printemps-2019\u00a0\u00bb &#8212; Suite\" data-secret=\"ykkIil9gdB\" frameborder=\"0\" marginwidth=\"0\" marginheight=\"0\" scrolling=\"no\" class=\"wp-embedded-content\"><\/iframe><script type=\"text\/javascript\">\n\/* <![CDATA[ *\/\n\/*! This file is auto-generated *\/\n!function(d,l){\"use strict\";l.querySelector&&d.addEventListener&&\"undefined\"!=typeof URL&&(d.wp=d.wp||{},d.wp.receiveEmbedMessage||(d.wp.receiveEmbedMessage=function(e){var t=e.data;if((t||t.secret||t.message||t.value)&&!\/[^a-zA-Z0-9]\/.test(t.secret)){for(var s,r,n,a=l.querySelectorAll('iframe[data-secret=\"'+t.secret+'\"]'),o=l.querySelectorAll('blockquote[data-secret=\"'+t.secret+'\"]'),c=new RegExp(\"^https?:$\",\"i\"),i=0;i<o.length;i++)o[i].style.display=\"none\";for(i=0;i<a.length;i++)s=a[i],e.source===s.contentWindow&&(s.removeAttribute(\"style\"),\"height\"===t.message?(1e3<(r=parseInt(t.value,10))?r=1e3:~~r<200&&(r=200),s.height=r):\"link\"===t.message&&(r=new URL(s.getAttribute(\"src\")),n=new URL(t.value),c.test(n.protocol))&&n.host===r.host&&l.activeElement===s&&(d.top.location.href=t.value))}},d.addEventListener(\"message\",d.wp.receiveEmbedMessage,!1),l.addEventListener(\"DOMContentLoaded\",function(){for(var e,t,s=l.querySelectorAll(\"iframe.wp-embedded-content\"),r=0;r<s.length;r++)(t=(e=s[r]).getAttribute(\"data-secret\"))||(t=Math.random().toString(36).substring(2,12),e.src+=\"#?secret=\"+t,e.setAttribute(\"data-secret\",t)),e.contentWindow.postMessage({message:\"ready\",secret:t},\"*\")},!1)))}(window,document);\n\/\/# sourceURL=https:\/\/gerardmartinez-photographe.com\/suite\/wp-includes\/js\/wp-embed.min.js\n\/* ]]> *\/\n<\/script>\n","thumbnail_url":"https:\/\/gerardmartinez-photographe.com\/suite\/wp-content\/uploads\/2019\/06\/LaCr\u00eate.jpg","thumbnail_width":1873,"thumbnail_height":1250,"description":"Cette galerie d\u00e9crit mes balades pour d\u00e9couvrir les cerisers avec en fond, le Ventoux. Je suis retourn\u00e9 au Barroux. Le col du Ventoux \u00e9tant ouvert, ce fut ma premi\u00e8re mont\u00e9e (en voiture)...."}